{"id":9245,"date":"2025-11-17T14:19:02","date_gmt":"2025-11-17T13:19:02","guid":{"rendered":"https:\/\/www.optikweber.de\/page-404\/"},"modified":"2026-03-06T15:27:59","modified_gmt":"2026-03-06T14:27:59","slug":"page-404","status":"publish","type":"page","link":"https:\/\/www.optikweber.de\/en\/page-404\/","title":{"rendered":"Page under construction"},"content":{"rendered":"\n<style type=\"text\/css\" data-created_by=\"avia_inline_auto\" id=\"style-css-av-mi367h1a-e16b777f87cdb6f5e9c77067cefaba8f\">\n.avia-section.av-mi367h1a-e16b777f87cdb6f5e9c77067cefaba8f{\nbackground-repeat:no-repeat;\nbackground-image:url(https:\/\/www.optikweber.de\/wp-content\/uploads\/2025\/11\/wallpaper_Maintenance_page.webp);\nbackground-position:50% 50%;\nbackground-attachment:fixed;\n}\n<\/style>\n<div id='av_section_1'  class='avia-section av-mi367h1a-e16b777f87cdb6f5e9c77067cefaba8f main_color avia-section-default avia-no-border-styling  avia-builder-el-0  avia-builder-el-no-sibling  avia-full-stretch avia-bg-style-fixed av-minimum-height av-minimum-height-90 av-height-percent  container_wrap sidebar_right'  data-section-bg-repeat='stretch' data-av_minimum_height_pc='90' data-av_min_height_opt='percent'><div class='container av-section-cont-open' ><main  role=\"main\" itemprop=\"mainContentOfPage\"  class='template-page content  av-content-small alpha units'><div class='post-entry post-entry-type-page post-entry-9245'><div class='entry-content-wrapper clearfix'>\n<div  class='flex_column av-k930p-e0059b81d271f13acf7c0c18b274013d av_one_third  avia-builder-el-1  el_before_av_one_third  avia-builder-el-first  first flex_column_div  '     ><\/div><div  class='flex_column av-f397d-83e59b420bccae370a03a855ec5999fb av_one_third  avia-builder-el-2  el_after_av_one_third  el_before_av_one_third  flex_column_div  '     ><style type=\"text\/css\" data-created_by=\"avia_inline_auto\" id=\"style-css-av-3p8art-3f847e8c705a48d5a4b55d2895af9542\">\n.avia-image-container.av-3p8art-3f847e8c705a48d5a4b55d2895af9542 img.avia_image{\nbox-shadow:none;\n}\n.avia-image-container.av-3p8art-3f847e8c705a48d5a4b55d2895af9542 .av-image-caption-overlay-center{\ncolor:#ffffff;\n}\n<\/style>\n<div  class='avia-image-container av-3p8art-3f847e8c705a48d5a4b55d2895af9542 av-styling- avia-align-center  avia-builder-el-3  avia-builder-el-no-sibling '   itemprop=\"image\" itemscope=\"itemscope\" itemtype=\"https:\/\/schema.org\/ImageObject\" ><div class=\"avia-image-container-inner\"><div class=\"avia-image-overlay-wrap\"><img decoding=\"async\" fetchpriority=\"high\" class='wp-image-9247 avia-img-lazy-loading-not-9247 avia_image ' src=\"https:\/\/www.optikweber.de\/wp-content\/uploads\/2025\/08\/logo_weber_website-white.webp\" alt='logo_weber_website-white' title='logo_weber_website-white'  height=\"298\" width=\"842\"  itemprop=\"thumbnailUrl\" srcset=\"https:\/\/www.optikweber.de\/wp-content\/uploads\/2025\/08\/logo_weber_website-white.webp 842w, https:\/\/www.optikweber.de\/wp-content\/uploads\/2025\/08\/logo_weber_website-white-300x106.webp 300w, https:\/\/www.optikweber.de\/wp-content\/uploads\/2025\/08\/logo_weber_website-white-768x272.webp 768w, https:\/\/www.optikweber.de\/wp-content\/uploads\/2025\/08\/logo_weber_website-white-705x250.webp 705w\" sizes=\"(max-width: 842px) 100vw, 842px\" \/><\/div><\/div><\/div><\/div><div  class='flex_column av-27w2op-38e2456b3275c5ba1776d58dd65b86bc av_one_third  avia-builder-el-4  el_after_av_one_third  el_before_av_one_full  flex_column_div  '     ><\/div><div  class='flex_column av-2jlo5l-80fbe7e70d65062a14da328a5505c8f9 av_one_full  avia-builder-el-5  el_after_av_one_third  avia-builder-el-last  first flex_column_div  column-top-margin'     ><p>\n<style type=\"text\/css\" data-created_by=\"avia_inline_auto\" id=\"style-css-av-mi36k9lt-82e13d522d10a9dd1d3e1ea87540369b\">\n#top .av-special-heading.av-mi36k9lt-82e13d522d10a9dd1d3e1ea87540369b{\npadding-bottom:10px;\n}\nbody .av-special-heading.av-mi36k9lt-82e13d522d10a9dd1d3e1ea87540369b .av-special-heading-tag .heading-char{\nfont-size:25px;\n}\n.av-special-heading.av-mi36k9lt-82e13d522d10a9dd1d3e1ea87540369b .av-subheading{\nfont-size:15px;\n}\n<\/style>\n<div  class='av-special-heading av-mi36k9lt-82e13d522d10a9dd1d3e1ea87540369b av-special-heading-h1 blockquote modern-quote modern-centered  avia-builder-el-6  el_before_av_textblock  avia-builder-el-first '><h1 class='av-special-heading-tag '  itemprop=\"headline\"  >Page under construction<\/h1><div class=\"special-heading-border\"><div class=\"special-heading-inner-border\"><\/div><\/div><\/div><br \/>\n\n<style type=\"text\/css\" data-created_by=\"avia_inline_auto\" id=\"style-css-av-mi36joe5-a49607b772188106f28cc984dca48e21\">\n#top .av_textblock_section.av-mi36joe5-a49607b772188106f28cc984dca48e21 .avia_textblock{\nfont-size:18px;\ncolor:#ffffff;\n}\n<\/style>\n<section  class='av_textblock_section av-mi36joe5-a49607b772188106f28cc984dca48e21 '   itemscope=\"itemscope\" itemtype=\"https:\/\/schema.org\/CreativeWork\" ><div class='avia_textblock av_inherit_color'  itemprop=\"text\" ><p style=\"text-align: center;\">Thank you for your interest in Weber Brillengl\u00e4ser.<\/p>\n<p style=\"text-align: center;\">We are currently revising our website for you to provide an even better digital experience and<br \/>\ncomprehensive information about our products and services in the future.<br \/>\nOf course, you can continue to place orders as usual via our Weber Shop.<\/p>\n<p style=\"text-align: center;\">We look forward to welcoming you to our new website soon.<\/p>\n<p style=\"text-align: center;\">Kind regards<br \/>\n<strong>Weber Brillengl\u00e4ser<\/strong><\/p>\n<\/div><\/section><br \/>\n<div  class='avia-button-wrap av-mlgo4sv6-4ead5f14323e3bd514723b785d8ad296-wrap avia-button-center  avia-builder-el-8  el_after_av_textblock  avia-builder-el-last '>\n<style type=\"text\/css\" data-created_by=\"avia_inline_auto\" id=\"style-css-av-mlgo4sv6-4ead5f14323e3bd514723b785d8ad296\">\n#top #wrap_all .avia-button.av-mlgo4sv6-4ead5f14323e3bd514723b785d8ad296{\nfont-size:18px;\nbackground-color:#cc0000;\nborder-color:#cc0000;\ncolor:#ffffff;\ntransition:all 0.4s ease-in-out;\n}\n#top #wrap_all .avia-button.av-mlgo4sv6-4ead5f14323e3bd514723b785d8ad296 .avia-svg-icon svg:first-child{\nfill:#ffffff;\nstroke:#ffffff;\n}\n<\/style>\n<a href='https:\/\/shopv2.optikweber.de\/login'  class='avia-button av-mlgo4sv6-4ead5f14323e3bd514723b785d8ad296 av-link-btn avia-icon_select-yes-right-icon avia-size-large avia-position-center av-icon-on-hover'   aria-label=\"Shop\"><span class='avia_iconbox_title' >Shop<\/span><span class='avia_button_icon avia_button_icon_right avia-svg-icon avia-font-svg_entypo-fontello' data-av_svg_icon='right-open' data-av_iconset='svg_entypo-fontello'><svg version=\"1.1\" xmlns=\"http:\/\/www.w3.org\/2000\/svg\" width=\"11\" height=\"32\" viewBox=\"0 0 11 32\" preserveAspectRatio=\"xMidYMid meet\" aria-labelledby='av-svg-title-1' aria-describedby='av-svg-desc-1' role=\"graphics-symbol\">\n<title id='av-svg-title-1'>Right-open<\/title>\n<desc id='av-svg-desc-1'>Right-open<\/desc>\n<path d=\"M3.136 7.168l7.232 7.552q0.512 0.512 0.512 1.28 0 0.704-0.512 1.216l-7.232 7.552q-0.512 0.512-1.28 0.512t-1.28-0.512q-1.152-1.152 0-2.56l5.952-6.208-5.952-6.272q-1.152-1.408 0-2.56 0.512-0.512 1.312-0.512t1.248 0.512z\"><\/path>\n<\/svg><\/span><\/a><\/div><\/p><\/div>\n<\/div><\/div><\/main><!-- close content main element --><\/div><\/div><div id='after_section_1'  class='main_color av_default_container_wrap container_wrap sidebar_right'  ><div class='container av-section-cont-open' ><div class='template-page content  av-content-small alpha units'><div class='post-entry post-entry-type-page post-entry-9245'><div class='entry-content-wrapper clearfix'>\n","protected":false},"excerpt":{"rendered":"","protected":false},"author":1,"featured_media":0,"parent":0,"menu_order":0,"comment_status":"closed","ping_status":"closed","template":"","meta":{"footnotes":""},"class_list":["post-9245","page","type-page","status-publish","hentry"],"yoast_head":"<!-- This site is optimized with the Yoast SEO plugin v27.5 - https:\/\/yoast.com\/product\/yoast-seo-wordpress\/ -->\n<title>Page under construction - Weber Brillengl\u00e4ser<\/title>\n<meta name=\"robots\" content=\"index, follow, max-snippet:-1, max-image-preview:large, max-video-preview:-1\" \/>\n<link rel=\"canonical\" href=\"https:\/\/www.optikweber.de\/en\/page-404\/\" \/>\n<meta property=\"og:locale\" content=\"en_US\" \/>\n<meta property=\"og:type\" content=\"article\" \/>\n<meta property=\"og:title\" content=\"Page under construction - Weber Brillengl\u00e4ser\" \/>\n<meta property=\"og:url\" content=\"https:\/\/www.optikweber.de\/en\/page-404\/\" \/>\n<meta property=\"og:site_name\" content=\"Weber Brillengl\u00e4ser\" \/>\n<meta property=\"article:publisher\" content=\"https:\/\/www.facebook.com\/optikweber.de\/\" \/>\n<meta property=\"article:modified_time\" content=\"2026-03-06T14:27:59+00:00\" \/>\n<meta name=\"twitter:card\" content=\"summary_large_image\" \/>\n<meta name=\"twitter:label1\" content=\"Est. reading time\" \/>\n\t<meta name=\"twitter:data1\" content=\"16 minutes\" \/>\n<script type=\"application\/ld+json\" class=\"yoast-schema-graph\">{\"@context\":\"https:\\\/\\\/schema.org\",\"@graph\":[{\"@type\":\"WebPage\",\"@id\":\"https:\\\/\\\/www.optikweber.de\\\/en\\\/page-404\\\/\",\"url\":\"https:\\\/\\\/www.optikweber.de\\\/en\\\/page-404\\\/\",\"name\":\"Page under construction - Weber Brillengl\u00e4ser\",\"isPartOf\":{\"@id\":\"https:\\\/\\\/www.optikweber.de\\\/en\\\/#website\"},\"datePublished\":\"2025-11-17T13:19:02+00:00\",\"dateModified\":\"2026-03-06T14:27:59+00:00\",\"breadcrumb\":{\"@id\":\"https:\\\/\\\/www.optikweber.de\\\/en\\\/page-404\\\/#breadcrumb\"},\"inLanguage\":\"en-US\",\"potentialAction\":[{\"@type\":\"ReadAction\",\"target\":[\"https:\\\/\\\/www.optikweber.de\\\/en\\\/page-404\\\/\"]}]},{\"@type\":\"BreadcrumbList\",\"@id\":\"https:\\\/\\\/www.optikweber.de\\\/en\\\/page-404\\\/#breadcrumb\",\"itemListElement\":[{\"@type\":\"ListItem\",\"position\":1,\"name\":\"Portada\",\"item\":\"https:\\\/\\\/www.optikweber.de\\\/en\\\/home\\\/\"},{\"@type\":\"ListItem\",\"position\":2,\"name\":\"Page under construction\"}]},{\"@type\":\"WebSite\",\"@id\":\"https:\\\/\\\/www.optikweber.de\\\/en\\\/#website\",\"url\":\"https:\\\/\\\/www.optikweber.de\\\/en\\\/\",\"name\":\"Weber Brillengl\u00e4ser\",\"description\":\"Weber Brillengl\u00e4ser ist ein unabh\u00e4ngiges und technologiebasiertes Unternehmen mit mehrj\u00e4hriger Erfahrung in der augenoptischen Industrie.\",\"publisher\":{\"@id\":\"https:\\\/\\\/www.optikweber.de\\\/en\\\/#organization\"},\"potentialAction\":[{\"@type\":\"SearchAction\",\"target\":{\"@type\":\"EntryPoint\",\"urlTemplate\":\"https:\\\/\\\/www.optikweber.de\\\/en\\\/?s={search_term_string}\"},\"query-input\":{\"@type\":\"PropertyValueSpecification\",\"valueRequired\":true,\"valueName\":\"search_term_string\"}}],\"inLanguage\":\"en-US\"},{\"@type\":\"Organization\",\"@id\":\"https:\\\/\\\/www.optikweber.de\\\/en\\\/#organization\",\"name\":\"Weber Brillengl\u00e4ser\",\"url\":\"https:\\\/\\\/www.optikweber.de\\\/en\\\/\",\"logo\":{\"@type\":\"ImageObject\",\"inLanguage\":\"en-US\",\"@id\":\"https:\\\/\\\/www.optikweber.de\\\/en\\\/#\\\/schema\\\/logo\\\/image\\\/\",\"url\":\"https:\\\/\\\/www.optikweber.de\\\/wp-content\\\/uploads\\\/2025\\\/08\\\/logo_weber_website.webp\",\"contentUrl\":\"https:\\\/\\\/www.optikweber.de\\\/wp-content\\\/uploads\\\/2025\\\/08\\\/logo_weber_website.webp\",\"width\":1000,\"height\":354,\"caption\":\"Weber Brillengl\u00e4ser\"},\"image\":{\"@id\":\"https:\\\/\\\/www.optikweber.de\\\/en\\\/#\\\/schema\\\/logo\\\/image\\\/\"},\"sameAs\":[\"https:\\\/\\\/www.facebook.com\\\/optikweber.de\\\/\",\"https:\\\/\\\/www.linkedin.com\\\/company\\\/optik-weber-brillenglser-gmbh\\\/\"]}]}<\/script>\n<!-- \/ Yoast SEO plugin. -->","yoast_head_json":{"title":"Page under construction - Weber Brillengl\u00e4ser","robots":{"index":"index","follow":"follow","max-snippet":"max-snippet:-1","max-image-preview":"max-image-preview:large","max-video-preview":"max-video-preview:-1"},"canonical":"https:\/\/www.optikweber.de\/en\/page-404\/","og_locale":"en_US","og_type":"article","og_title":"Page under construction - Weber Brillengl\u00e4ser","og_url":"https:\/\/www.optikweber.de\/en\/page-404\/","og_site_name":"Weber Brillengl\u00e4ser","article_publisher":"https:\/\/www.facebook.com\/optikweber.de\/","article_modified_time":"2026-03-06T14:27:59+00:00","twitter_card":"summary_large_image","twitter_misc":{"Est. reading time":"16 minutes"},"schema":{"@context":"https:\/\/schema.org","@graph":[{"@type":"WebPage","@id":"https:\/\/www.optikweber.de\/en\/page-404\/","url":"https:\/\/www.optikweber.de\/en\/page-404\/","name":"Page under construction - Weber Brillengl\u00e4ser","isPartOf":{"@id":"https:\/\/www.optikweber.de\/en\/#website"},"datePublished":"2025-11-17T13:19:02+00:00","dateModified":"2026-03-06T14:27:59+00:00","breadcrumb":{"@id":"https:\/\/www.optikweber.de\/en\/page-404\/#breadcrumb"},"inLanguage":"en-US","potentialAction":[{"@type":"ReadAction","target":["https:\/\/www.optikweber.de\/en\/page-404\/"]}]},{"@type":"BreadcrumbList","@id":"https:\/\/www.optikweber.de\/en\/page-404\/#breadcrumb","itemListElement":[{"@type":"ListItem","position":1,"name":"Portada","item":"https:\/\/www.optikweber.de\/en\/home\/"},{"@type":"ListItem","position":2,"name":"Page under construction"}]},{"@type":"WebSite","@id":"https:\/\/www.optikweber.de\/en\/#website","url":"https:\/\/www.optikweber.de\/en\/","name":"Weber Brillengl\u00e4ser","description":"Weber Brillengl\u00e4ser ist ein unabh\u00e4ngiges und technologiebasiertes Unternehmen mit mehrj\u00e4hriger Erfahrung in der augenoptischen Industrie.","publisher":{"@id":"https:\/\/www.optikweber.de\/en\/#organization"},"potentialAction":[{"@type":"SearchAction","target":{"@type":"EntryPoint","urlTemplate":"https:\/\/www.optikweber.de\/en\/?s={search_term_string}"},"query-input":{"@type":"PropertyValueSpecification","valueRequired":true,"valueName":"search_term_string"}}],"inLanguage":"en-US"},{"@type":"Organization","@id":"https:\/\/www.optikweber.de\/en\/#organization","name":"Weber Brillengl\u00e4ser","url":"https:\/\/www.optikweber.de\/en\/","logo":{"@type":"ImageObject","inLanguage":"en-US","@id":"https:\/\/www.optikweber.de\/en\/#\/schema\/logo\/image\/","url":"https:\/\/www.optikweber.de\/wp-content\/uploads\/2025\/08\/logo_weber_website.webp","contentUrl":"https:\/\/www.optikweber.de\/wp-content\/uploads\/2025\/08\/logo_weber_website.webp","width":1000,"height":354,"caption":"Weber Brillengl\u00e4ser"},"image":{"@id":"https:\/\/www.optikweber.de\/en\/#\/schema\/logo\/image\/"},"sameAs":["https:\/\/www.facebook.com\/optikweber.de\/","https:\/\/www.linkedin.com\/company\/optik-weber-brillenglser-gmbh\/"]}]}},"_links":{"self":[{"href":"https:\/\/www.optikweber.de\/en\/wp-json\/wp\/v2\/pages\/9245","targetHints":{"allow":["GET"]}}],"collection":[{"href":"https:\/\/www.optikweber.de\/en\/wp-json\/wp\/v2\/pages"}],"about":[{"href":"https:\/\/www.optikweber.de\/en\/wp-json\/wp\/v2\/types\/page"}],"author":[{"embeddable":true,"href":"https:\/\/www.optikweber.de\/en\/wp-json\/wp\/v2\/users\/1"}],"replies":[{"embeddable":true,"href":"https:\/\/www.optikweber.de\/en\/wp-json\/wp\/v2\/comments?post=9245"}],"version-history":[{"count":0,"href":"https:\/\/www.optikweber.de\/en\/wp-json\/wp\/v2\/pages\/9245\/revisions"}],"wp:attachment":[{"href":"https:\/\/www.optikweber.de\/en\/wp-json\/wp\/v2\/media?parent=9245"}],"curies":[{"name":"wp","href":"https:\/\/api.w.org\/{rel}","templated":true}]}}