{"id":9059,"date":"2025-08-25T15:56:40","date_gmt":"2025-08-25T13:56:40","guid":{"rendered":"https:\/\/www.optikweber.de\/legal-notice\/"},"modified":"2026-04-20T08:51:59","modified_gmt":"2026-04-20T06:51:59","slug":"legal-notice","status":"publish","type":"page","link":"https:\/\/www.optikweber.de\/en\/legal-notice\/","title":{"rendered":"Legal Notice"},"content":{"rendered":"<div id='av_section_1'  class='avia-section av-2q00py-684cb609eac717ec56ab5f12ef915c3a main_color avia-section-default avia-no-border-styling  avia-builder-el-0  el_before_av_section  avia-builder-el-first  avia-bg-style-scroll container_wrap sidebar_right'  ><div class='container av-section-cont-open' ><main  role=\"main\" itemprop=\"mainContentOfPage\"  class='template-page content  av-content-small alpha units'><div class='post-entry post-entry-type-page post-entry-9059'><div class='entry-content-wrapper clearfix'>\n<div  class='flex_column av-40242u-6c7d3917982267f00206ab1b419c6bb9 av_one_full  avia-builder-el-1  el_before_av_one_full  avia-builder-el-first  first flex_column_div  '     ><style type=\"text\/css\" data-created_by=\"avia_inline_auto\" id=\"style-css-av-mewp7jij-76e33638f60adaf2b8531cf7948a2358\">\n#top .av-special-heading.av-mewp7jij-76e33638f60adaf2b8531cf7948a2358{\npadding-bottom:10px;\n}\nbody .av-special-heading.av-mewp7jij-76e33638f60adaf2b8531cf7948a2358 .av-special-heading-tag .heading-char{\nfont-size:25px;\n}\n.av-special-heading.av-mewp7jij-76e33638f60adaf2b8531cf7948a2358 .av-subheading{\nfont-size:15px;\n}\n<\/style>\n<div  class='av-special-heading av-mewp7jij-76e33638f60adaf2b8531cf7948a2358 av-special-heading-h1 blockquote modern-quote  avia-builder-el-2  avia-builder-el-no-sibling '><h1 class='av-special-heading-tag '  itemprop=\"headline\"  >Legal Notice<\/h1><div class=\"special-heading-border\"><div class=\"special-heading-inner-border\"><\/div><\/div><\/div><\/div><div  class='flex_column av-2o004m-6c03c8360d830366f7aa231c95841ccd av_one_full  avia-builder-el-3  el_after_av_one_full  avia-builder-el-last  first flex_column_div  column-top-margin'     ><section  class='av_textblock_section av-mewp6y3u-1bc2b71c07d3cdb2e6fce86159196b8b '   itemscope=\"itemscope\" itemtype=\"https:\/\/schema.org\/CreativeWork\" ><div class='avia_textblock'  itemprop=\"text\" ><div id=\"ed-93786891\" class=\"ed-element ed-headline custom-theme\">\n<h3><strong style=\"font-size: 16px;\">Optik Weber Brillengl\u00e4ser GmbH<\/strong><\/h3>\n<\/div>\n<div id=\"ed-93786897\" class=\"ed-element ed-text custom-theme\">\n<p>Butzbach<br \/>\nBusiness Address: Butzbacher Stra\u00dfe 65, 35510 Butzbach<\/p>\n<p>Tel: +49 (0)2307 924 4023<\/p>\n<p>Fax: +49 (0)2307 924 4011<\/p>\n<p>Mobile: +49 174 1627351<\/p>\n<p>HRB 9839<\/p>\n<p>Commercial Register B of the District Court of Friedberg (Hesse)<\/p>\n<p data-content-guid=\"u175661-30_content\">VAT<\/p>\n<p data-content-guid=\"u175661-32_content\">VAT identification number according to Section 27a of the Value Added Tax Act<\/p>\n<p data-content-guid=\"u175661-34_content\">VAT ID No.: DE 346 312 334<\/p>\n<p data-content-guid=\"u175661-35_content\">\n<p data-content-guid=\"u175661-36_content\">\n<p data-content-guid=\"u175661-37_content\">\n<h5 data-content-guid=\"u175661-39_content\">Disclaimer<\/h5>\n<p data-content-guid=\"u175661-40_content\">\n<h6 data-content-guid=\"u175661-42_content\">Liability for Links<\/h6>\n<p data-content-guid=\"u175661-43_content\">\n<p data-content-guid=\"u175661-45_content\">All content on our website has been created with care and to the best of our knowledge. However, we cannot guarantee that all pages are up-to-date, complete, or correct. According to Section 7 (1) of the TMG (German Telemedia Act), we as a service provider are responsible for our own content on these pages in accordance with general laws. However, according to Sections 8 to 10 of the TMG, we are not obliged to monitor transmitted or stored information. Such content will be removed immediately from the time we become aware of a specific legal infringement, and we are not liable prior to the time of such knowledge.    <\/p>\n<p data-content-guid=\"u175661-46_content\">\n<h5 data-content-guid=\"u175661-48_content\">Privacy Policy<\/h5>\n<p data-content-guid=\"u175661-49_content\">\n<p data-content-guid=\"u175661-51_content\">Protecting your personal data during collection, processing, and use during your visit to our website is an important concern for us. Your data is protected within the framework of legal regulations. Information on Facebook plugins  <\/p>\n<p data-content-guid=\"u175661-52_content\">\n<p data-content-guid=\"u175661-54_content\">We use plugins from the social network &#8220;Facebook&#8221; on our website. The operator of this network is Facebook Inc., 1601 S. California Avenue, Palo Alto, CA 94304, USA. The plugins consist of a button labeled &#8220;Like&#8221; and the Facebook Inc. logo \u2013 a white &#8220;f&#8221; on a blue background. Such plugins can also be recognized by the notice &#8220;Social Plugin from Facebook,&#8221; which can be found on the website.<\/p>\n<p data-content-guid=\"u175661-55_content\">\n<p data-content-guid=\"u175661-57_content\">When you visit our website, your browser establishes a direct connection to the Facebook Inc. servers, whereby the specific content of the plugin is provided by Facebook on its servers and finally integrated directly into our website via your browser. <\/p>\n<p data-content-guid=\"u175661-58_content\">\n<p data-content-guid=\"u175661-60_content\">If you are a member of Facebook and are logged into Facebook while visiting our website, this visit can already be assigned to your Facebook user account. If you use the &#8220;Like&#8221; button, this information is also transmitted directly to Facebook and stored there. You can avoid the assignment of the visit to our website to your Facebook account by logging out of Facebook beforehand. Even if you are not a member of Facebook, your IP address may still be transmitted to and stored by Facebook Inc. when you visit our website.    <\/p>\n<p data-content-guid=\"u175661-61_content\">\n<p data-content-guid=\"u175661-63_content\">Further information on the scope and purpose of the collection and use of personal data by Facebook, as well as information on setting options for Facebook user accounts to protect your privacy, can be found at: http:\/\/www.facebook.com\/policy.php<\/p>\n<\/div>\n<\/div><\/section><\/div><\/div><\/div><\/main><!-- close content main element --><\/div><\/div>\n<style type=\"text\/css\" data-created_by=\"avia_inline_auto\" id=\"style-css-av-mlz33wwg-84983db993060dd5709de8b33dc17254\">\n.avia-section.av-mlz33wwg-84983db993060dd5709de8b33dc17254{\nposition:relative;\n}\n.avia-section.av-mlz33wwg-84983db993060dd5709de8b33dc17254 .avia-divider-svg-bottom svg{\nheight:100px;\nfill:#1d1d1b;\n}\n<\/style>\n<div id='av_section_2'  class='avia-section av-mlz33wwg-84983db993060dd5709de8b33dc17254 main_color avia-section-default avia-no-border-styling  avia-builder-el-5  el_after_av_section  avia-builder-el-last  avia-bg-style-scroll container_wrap sidebar_right'  ><div class='avia-divider-svg avia-divider-svg-tilt avia-divider-svg-bottom avia-to-front avia-svg-original'><svg xmlns=\"http:\/\/www.w3.org\/2000\/svg\" viewBox=\"0 0 1000 100\" preserveAspectRatio=\"none\">\n\t<path d=\"M0,6V0h1000v100L0,6z\"\/>\n<\/svg><\/div><div class='container av-section-cont-open' ><div class='template-page content  av-content-small alpha units'><div class='post-entry post-entry-type-page post-entry-9059'><div class='entry-content-wrapper clearfix'><\/div><\/div><\/div><!-- close content main div --><\/div><\/div><div id='after_section_2'  class='main_color av_default_container_wrap container_wrap sidebar_right'  ><div class='container av-section-cont-open' ><div class='template-page content  av-content-small alpha units'><div class='post-entry post-entry-type-page post-entry-9059'><div class='entry-content-wrapper clearfix'><\/p>\n","protected":false},"excerpt":{"rendered":"","protected":false},"author":1,"featured_media":0,"parent":0,"menu_order":0,"comment_status":"closed","ping_status":"closed","template":"","meta":{"footnotes":""},"class_list":["post-9059","page","type-page","status-publish","hentry"],"yoast_head":"<!-- This site is optimized with the Yoast SEO plugin v27.4 - https:\/\/yoast.com\/product\/yoast-seo-wordpress\/ -->\n<title>Legal Notice - Weber Brillengl\u00e4ser<\/title>\n<meta name=\"description\" content=\"All content on our website has been created with due care and to the best of our knowledge and belief.\" \/>\n<meta name=\"robots\" content=\"index, follow, max-snippet:-1, max-image-preview:large, max-video-preview:-1\" \/>\n<link rel=\"canonical\" href=\"https:\/\/www.optikweber.de\/en\/legal-notice\/\" \/>\n<meta property=\"og:locale\" content=\"en_US\" \/>\n<meta property=\"og:type\" content=\"article\" \/>\n<meta property=\"og:title\" content=\"Legal Notice - Weber Brillengl\u00e4ser\" \/>\n<meta property=\"og:description\" content=\"All content on our website has been created with due care and to the best of our knowledge and belief.\" \/>\n<meta property=\"og:url\" content=\"https:\/\/www.optikweber.de\/en\/legal-notice\/\" \/>\n<meta property=\"og:site_name\" content=\"Weber Brillengl\u00e4ser\" \/>\n<meta property=\"article:publisher\" content=\"https:\/\/www.facebook.com\/optikweber.de\/\" \/>\n<meta property=\"article:modified_time\" content=\"2026-04-20T06:51:59+00:00\" \/>\n<meta name=\"twitter:card\" content=\"summary_large_image\" \/>\n<meta name=\"twitter:label1\" content=\"Est. reading time\" \/>\n\t<meta name=\"twitter:data1\" content=\"11 minutes\" \/>\n<script type=\"application\/ld+json\" class=\"yoast-schema-graph\">{\"@context\":\"https:\\\/\\\/schema.org\",\"@graph\":[{\"@type\":\"WebPage\",\"@id\":\"https:\\\/\\\/www.optikweber.de\\\/en\\\/legal-notice\\\/\",\"url\":\"https:\\\/\\\/www.optikweber.de\\\/en\\\/legal-notice\\\/\",\"name\":\"Legal Notice - Weber Brillengl\u00e4ser\",\"isPartOf\":{\"@id\":\"https:\\\/\\\/www.optikweber.de\\\/en\\\/#website\"},\"datePublished\":\"2025-08-25T13:56:40+00:00\",\"dateModified\":\"2026-04-20T06:51:59+00:00\",\"description\":\"All content on our website has been created with due care and to the best of our knowledge and belief.\",\"breadcrumb\":{\"@id\":\"https:\\\/\\\/www.optikweber.de\\\/en\\\/legal-notice\\\/#breadcrumb\"},\"inLanguage\":\"en-US\",\"potentialAction\":[{\"@type\":\"ReadAction\",\"target\":[\"https:\\\/\\\/www.optikweber.de\\\/en\\\/legal-notice\\\/\"]}]},{\"@type\":\"BreadcrumbList\",\"@id\":\"https:\\\/\\\/www.optikweber.de\\\/en\\\/legal-notice\\\/#breadcrumb\",\"itemListElement\":[{\"@type\":\"ListItem\",\"position\":1,\"name\":\"Portada\",\"item\":\"https:\\\/\\\/www.optikweber.de\\\/en\\\/home\\\/\"},{\"@type\":\"ListItem\",\"position\":2,\"name\":\"Legal Notice\"}]},{\"@type\":\"WebSite\",\"@id\":\"https:\\\/\\\/www.optikweber.de\\\/en\\\/#website\",\"url\":\"https:\\\/\\\/www.optikweber.de\\\/en\\\/\",\"name\":\"Weber Brillengl\u00e4ser\",\"description\":\"Weber Brillengl\u00e4ser ist ein unabh\u00e4ngiges und technologiebasiertes Unternehmen mit mehrj\u00e4hriger Erfahrung in der augenoptischen Industrie.\",\"publisher\":{\"@id\":\"https:\\\/\\\/www.optikweber.de\\\/en\\\/#organization\"},\"potentialAction\":[{\"@type\":\"SearchAction\",\"target\":{\"@type\":\"EntryPoint\",\"urlTemplate\":\"https:\\\/\\\/www.optikweber.de\\\/en\\\/?s={search_term_string}\"},\"query-input\":{\"@type\":\"PropertyValueSpecification\",\"valueRequired\":true,\"valueName\":\"search_term_string\"}}],\"inLanguage\":\"en-US\"},{\"@type\":\"Organization\",\"@id\":\"https:\\\/\\\/www.optikweber.de\\\/en\\\/#organization\",\"name\":\"Weber Brillengl\u00e4ser\",\"url\":\"https:\\\/\\\/www.optikweber.de\\\/en\\\/\",\"logo\":{\"@type\":\"ImageObject\",\"inLanguage\":\"en-US\",\"@id\":\"https:\\\/\\\/www.optikweber.de\\\/en\\\/#\\\/schema\\\/logo\\\/image\\\/\",\"url\":\"https:\\\/\\\/www.optikweber.de\\\/wp-content\\\/uploads\\\/2025\\\/08\\\/logo_weber_website.webp\",\"contentUrl\":\"https:\\\/\\\/www.optikweber.de\\\/wp-content\\\/uploads\\\/2025\\\/08\\\/logo_weber_website.webp\",\"width\":1000,\"height\":354,\"caption\":\"Weber Brillengl\u00e4ser\"},\"image\":{\"@id\":\"https:\\\/\\\/www.optikweber.de\\\/en\\\/#\\\/schema\\\/logo\\\/image\\\/\"},\"sameAs\":[\"https:\\\/\\\/www.facebook.com\\\/optikweber.de\\\/\",\"https:\\\/\\\/www.linkedin.com\\\/company\\\/optik-weber-brillenglser-gmbh\\\/\"]}]}<\/script>\n<!-- \/ Yoast SEO plugin. -->","yoast_head_json":{"title":"Legal Notice - Weber Brillengl\u00e4ser","description":"All content on our website has been created with due care and to the best of our knowledge and belief.","robots":{"index":"index","follow":"follow","max-snippet":"max-snippet:-1","max-image-preview":"max-image-preview:large","max-video-preview":"max-video-preview:-1"},"canonical":"https:\/\/www.optikweber.de\/en\/legal-notice\/","og_locale":"en_US","og_type":"article","og_title":"Legal Notice - Weber Brillengl\u00e4ser","og_description":"All content on our website has been created with due care and to the best of our knowledge and belief.","og_url":"https:\/\/www.optikweber.de\/en\/legal-notice\/","og_site_name":"Weber Brillengl\u00e4ser","article_publisher":"https:\/\/www.facebook.com\/optikweber.de\/","article_modified_time":"2026-04-20T06:51:59+00:00","twitter_card":"summary_large_image","twitter_misc":{"Est. reading time":"11 minutes"},"schema":{"@context":"https:\/\/schema.org","@graph":[{"@type":"WebPage","@id":"https:\/\/www.optikweber.de\/en\/legal-notice\/","url":"https:\/\/www.optikweber.de\/en\/legal-notice\/","name":"Legal Notice - Weber Brillengl\u00e4ser","isPartOf":{"@id":"https:\/\/www.optikweber.de\/en\/#website"},"datePublished":"2025-08-25T13:56:40+00:00","dateModified":"2026-04-20T06:51:59+00:00","description":"All content on our website has been created with due care and to the best of our knowledge and belief.","breadcrumb":{"@id":"https:\/\/www.optikweber.de\/en\/legal-notice\/#breadcrumb"},"inLanguage":"en-US","potentialAction":[{"@type":"ReadAction","target":["https:\/\/www.optikweber.de\/en\/legal-notice\/"]}]},{"@type":"BreadcrumbList","@id":"https:\/\/www.optikweber.de\/en\/legal-notice\/#breadcrumb","itemListElement":[{"@type":"ListItem","position":1,"name":"Portada","item":"https:\/\/www.optikweber.de\/en\/home\/"},{"@type":"ListItem","position":2,"name":"Legal Notice"}]},{"@type":"WebSite","@id":"https:\/\/www.optikweber.de\/en\/#website","url":"https:\/\/www.optikweber.de\/en\/","name":"Weber Brillengl\u00e4ser","description":"Weber Brillengl\u00e4ser ist ein unabh\u00e4ngiges und technologiebasiertes Unternehmen mit mehrj\u00e4hriger Erfahrung in der augenoptischen Industrie.","publisher":{"@id":"https:\/\/www.optikweber.de\/en\/#organization"},"potentialAction":[{"@type":"SearchAction","target":{"@type":"EntryPoint","urlTemplate":"https:\/\/www.optikweber.de\/en\/?s={search_term_string}"},"query-input":{"@type":"PropertyValueSpecification","valueRequired":true,"valueName":"search_term_string"}}],"inLanguage":"en-US"},{"@type":"Organization","@id":"https:\/\/www.optikweber.de\/en\/#organization","name":"Weber Brillengl\u00e4ser","url":"https:\/\/www.optikweber.de\/en\/","logo":{"@type":"ImageObject","inLanguage":"en-US","@id":"https:\/\/www.optikweber.de\/en\/#\/schema\/logo\/image\/","url":"https:\/\/www.optikweber.de\/wp-content\/uploads\/2025\/08\/logo_weber_website.webp","contentUrl":"https:\/\/www.optikweber.de\/wp-content\/uploads\/2025\/08\/logo_weber_website.webp","width":1000,"height":354,"caption":"Weber Brillengl\u00e4ser"},"image":{"@id":"https:\/\/www.optikweber.de\/en\/#\/schema\/logo\/image\/"},"sameAs":["https:\/\/www.facebook.com\/optikweber.de\/","https:\/\/www.linkedin.com\/company\/optik-weber-brillenglser-gmbh\/"]}]}},"_links":{"self":[{"href":"https:\/\/www.optikweber.de\/en\/wp-json\/wp\/v2\/pages\/9059","targetHints":{"allow":["GET"]}}],"collection":[{"href":"https:\/\/www.optikweber.de\/en\/wp-json\/wp\/v2\/pages"}],"about":[{"href":"https:\/\/www.optikweber.de\/en\/wp-json\/wp\/v2\/types\/page"}],"author":[{"embeddable":true,"href":"https:\/\/www.optikweber.de\/en\/wp-json\/wp\/v2\/users\/1"}],"replies":[{"embeddable":true,"href":"https:\/\/www.optikweber.de\/en\/wp-json\/wp\/v2\/comments?post=9059"}],"version-history":[{"count":5,"href":"https:\/\/www.optikweber.de\/en\/wp-json\/wp\/v2\/pages\/9059\/revisions"}],"predecessor-version":[{"id":11026,"href":"https:\/\/www.optikweber.de\/en\/wp-json\/wp\/v2\/pages\/9059\/revisions\/11026"}],"wp:attachment":[{"href":"https:\/\/www.optikweber.de\/en\/wp-json\/wp\/v2\/media?parent=9059"}],"curies":[{"name":"wp","href":"https:\/\/api.w.org\/{rel}","templated":true}]}}